{"id":731,"date":"2026-04-21T18:46:20","date_gmt":"2026-04-21T16:46:20","guid":{"rendered":"https:\/\/hipotecanova.es\/politica-privacidad\/"},"modified":"2026-08-03T15:17:11","modified_gmt":"2026-08-03T13:17:11","slug":"politica-privacitat","status":"publish","type":"page","link":"https:\/\/hipotecanova.es\/ca\/politica-privacitat\/","title":{"rendered":"Pol\u00edtica de privacitat"},"content":{"rendered":"\n<div class=\"wrapper-section wp-block-group is-layout-constrained wp-block-group-is-layout-constrained\"><h1 class=\"wp-block-post-title\">Pol\u00edtica de privacitat<\/h1>\n\n\n<h2 class=\"wp-block-heading has-large-font-size\">Informaci\u00f3 d&#8217;usuari<\/h2>\n\n\n\n<h3 class=\"wp-block-heading has-medium-font-size\">Qui \u00e9s el responsable del tractament de les seves dades personals?<\/h3>\n\n\n\n<p class=\"wp-block-paragraph\">ESPAI INFORMATIC MULTISECTORIAL SL \u00e9s el RESPONSABLE DEL TRACTAMENT dels dades personals de l&#8217;USUARI i informa l&#8217;USUARI que aquestes dades es tractaran d&#8217;acord amb les disposicions del Reglament (UE) 2016\/679 de 27 d&#8217;abril (RGPD), i la Llei Org\u00e0nica 3\/2018, de 5 de desembre (LOPDGDD).<\/p>\n\n\n\n<h3 class=\"wp-block-heading has-medium-font-size\">Per qu\u00e8 processem les teves dades personals?<\/h3>\n\n\n\n<p class=\"wp-block-paragraph\">Per mantenir una relaci\u00f3 comercial amb l&#8217;usuari. Les operacions de tractament previstes s\u00f3n:<\/p>\n\n\n\n<ul class=\"wp-block-list\">\n<li>L&#8217;enviament de comunicacions publicit\u00e0ries comercials per correu electr\u00f2nic, fax, SMS, MMS, xarxes socials o qualsevol altre mitj\u00e0 electr\u00f2nic o f\u00edsic, actual o futur, que permeti l&#8217;enviament de comunicacions comercials. Aquestes comunicacions seran enviades pel RESPONSABLE DEL TRACTAMENT i estaran relacionades amb els seus productes i serveis, o amb els dels seus socis o prove\u00efdors amb els quals hagi subscrit un acord promocional. En aquest cas, tercers no tindran mai acc\u00e9s a les dades personals.<\/li>\n\n\n\n<li>Realitzar estudis de mercat i an\u00e0lisis estad\u00edstiques.<\/li>\n\n\n\n<li>Per processar comandes i sol\u00b7licituds, i per respondre a consultes o qualsevol altre tipus de sol\u00b7licitud que l&#8217;USUARI faci a trav\u00e9s de qualsevol dels mitjans de contacte posats a disposici\u00f3 al lloc web del RESPONSABLE.<\/li>\n\n\n\n<li>Envia el butllet\u00ed en l\u00ednia amb les \u00faltimes not\u00edcies, ofertes i promocions relacionades amb el nostre negoci.<\/li>\n<\/ul>\n\n\n\n<h3 class=\"wp-block-heading has-medium-font-size\">En quina base podem tractar les seves dades personals?<\/h3>\n\n\n\n<p class=\"wp-block-paragraph\">Perqu\u00e8 el tractament est\u00e0 autoritzat en virtut de l&#8217;article 6 del RGPD de la manera seg\u00fcent:<\/p>\n\n\n\n<ul class=\"wp-block-list\">\n<li>Amb el consentiment de l&#8217;USUARI: enviament de comunicacions de m\u00e0rqueting i del butllet\u00ed.<\/li>\n\n\n\n<li>En l&#8217;inter\u00e8s leg\u00edtim del RESPONSABLE DEL TRACTAMENT: dur a terme estudis de mercat, an\u00e0lisis estad\u00edstiques, etc., i processar comandes, sol\u00b7licituds, etc. a petici\u00f3 de l&#8217;USUARI.<\/li>\n<\/ul>\n\n\n\n<h3 class=\"wp-block-heading has-medium-font-size\">Quant de temps conservarem les teves dades personals?<\/h3>\n\n\n\n<p class=\"wp-block-paragraph\">Es conservaran durant el temps estrictament necessari per complir la finalitat del tractament o quan hi hagi obligacions legals que en regulin la conservaci\u00f3; un cop ja no siguin necessaris per a aquesta finalitat, s&#8217;eliminaran mitjan\u00e7ant mesures de seguretat adequades per garantir l&#8217;anonimitzaci\u00f3 de les dades o la seva destrucci\u00f3 completa.<\/p>\n\n\n\n<h3 class=\"wp-block-heading has-medium-font-size\">Amb qui compartim les teves dades personals?<\/h3>\n\n\n\n<p class=\"wp-block-paragraph\">Per tal de garantir la prestaci\u00f3 adequada dels serveis oferts, les dades personals de l&#8217;usuari poden ser comunicades a l&#8217;empresa SERVEIS INTEGRALS GARROTXA S.L. (CREDITECH) N\u00famero d&#8217;Identificaci\u00f3 Fiscal (CIF) B55343271, Carrer Bisbe Vilanova, 21, planta baixa i primera planta, 17800, Olot (Girona), la intervenci\u00f3 de la qual \u00e9s necess\u00e0ria per a l&#8217;execuci\u00f3 del servei contractat. Aquesta comunicaci\u00f3 es far\u00e0 \u00fanicament amb la finalitat de gestionar, desenvolupar i executar els serveis sol\u00b7licitats per l&#8217;usuari.<\/p>\n\n\n\n<p class=\"wp-block-paragraph\">L&#8217;empresa destinat\u00e0ria tractar\u00e0 les dades d&#8217;acord amb la legislaci\u00f3 vigent en mat\u00e8ria de protecci\u00f3 de dades i les mesures de seguretat i confidencialitat requerides, i no les podr\u00e0 utilitzar per a finalitats pr\u00f2pies m\u00e9s enll\u00e0 de les relacionades amb la prestaci\u00f3 del servei, llevat que estigui obligada legalment a fer-ho.<\/p>\n\n\n\n<p class=\"wp-block-paragraph\">La base jur\u00eddica d&#8217;aquest tractament \u00e9s l&#8217;execuci\u00f3 de la relaci\u00f3 contractual o la implementaci\u00f3 de mesures precontractuals sol\u00b7licitades per l&#8217;interessat, d&#8217;acord amb l&#8217;article 6.1.b del Reglament (UE) 2016\/679 (RGPD).<\/p>\n\n\n\n<h3 class=\"wp-block-heading has-medium-font-size\">Quins s\u00f3n els teus drets?<\/h3>\n\n\n\n<p class=\"wp-block-paragraph\">Els drets als quals t\u00e9 dret l&#8217;USUARI s\u00f3n:<\/p>\n\n\n\n<ul class=\"wp-block-list\">\n<li>El dret a retirar el consentiment en qualsevol moment.<\/li>\n\n\n\n<li>El dret a accedir, rectificar, transferir i esborrar les seves dades, i a limitar o oposar-se al seu tractament.<\/li>\n\n\n\n<li>El dret a presentar una reclamaci\u00f3 davant l&#8217;autoritat de supervisi\u00f3 (www.aepd.es) si considereu que el tractament no compleix la legislaci\u00f3 vigent.<\/li>\n<\/ul>\n\n\n\n<h3 class=\"wp-block-heading has-medium-font-size\">Dades de contacte per exercir els teus drets:<\/h3>\n\n\n\n<p class=\"wp-block-paragraph\">ESPAI INFORM\u00c0TIC MULTISECTORIAL SL. C\/ Manuel Carrasco i Formiguera, 17 \u2013 17007 Girona (Girona). Correu electr\u00f2nic: legal@espainformatic.com.<\/p>\n\n\n\n<h2 class=\"wp-block-heading has-large-font-size\">NATURA OBLIGAT\u00d2RIA O OPCIONAL DE LA INFORMACI\u00d3 PROPORCIONADA PER L&#8217;USUARI<\/h2>\n\n\n\n<p class=\"wp-block-paragraph\">Marcant les caselles corresponents i introduint dades als camps marcats amb un asterisc (*) en el formulari de contacte o en els formularis de desc\u00e0rrega, els USUARIS accepten expressament, lliurement i inequ\u00edvocament que les seves dades s\u00f3n necess\u00e0ries perqu\u00e8 el prove\u00efdor gestioni la seva consulta; la facilitaci\u00f3 de dades en la resta de camps \u00e9s volunt\u00e0ria. L&#8217;USUARI garanteix que les dades personals facilitades al RESPONSABLE DEL TRACTAMENT s\u00f3n exactes i es compromet a notificar al RESPONSABLE DEL TRACTAMENT qualsevol canvi en aquestes dades.<\/p>\n\n\n\n<p class=\"wp-block-paragraph\">El RESPONSABLE DEL TRACTAMENT d&#8217;aquestes dades l&#8217;informa que totes les dades sol\u00b7licitades a trav\u00e9s del lloc web s\u00f3n obligat\u00f2ries, ja que s\u00f3n necess\u00e0ries per oferir a l&#8217;USUARI el millor servei possible. Si no es faciliten totes les dades, no es pot garantir que<\/p>\n\n\n\n<h2 class=\"wp-block-heading has-large-font-size\">MESURES DE SEGURETAT<\/h2>\n\n\n\n<p class=\"wp-block-paragraph\">Que, d&#8217;acord amb les disposicions de la legislaci\u00f3 vigent en mat\u00e8ria de protecci\u00f3 de dades, el RESPONSABLE DEL TRACTAMENT compleix totes les disposicions del RGPD i de la LOPDGDD pel que fa al tractament de dades personals sota la seva responsabilitat, i compleix clarament els principis establerts a l&#8217;article 5 del RGPD, d&#8217;acord amb les quals aquestes dades es tracten de manera l\u00edcita, equitativa i transparent en relaci\u00f3 amb l&#8217;interessat, i s\u00f3n adequades, pertinents i limitades al necessari en relaci\u00f3 amb les finalitats per a les quals es tracten.<\/p>\n\n\n\n<p class=\"wp-block-paragraph\">El RESPONSABLE DEL TRACTAMENT garanteix que ha implementat pol\u00edtiques t\u00e8cniques i organitzatives adequades per aplicar les mesures de seguretat establertes al RGPD i a la LOPDGDD amb la finalitat de protegir els drets i les llibertats dels USUARIS, i els ha proporcionat la informaci\u00f3 necess\u00e0ria per permetre&#8217;ls exercir aquests drets.<br\/>Per a m\u00e9s informaci\u00f3 sobre les garanties de privadesa, poseu-vos en contacte amb el RESPONSABLE DEL TRACTAMENT a trav\u00e9s d&#8217;ESPAI INFORM\u00c0TIC MULTISECTORIAL SL. C\/ Manuel Carrasco i Formiguera, 17 \u2013 17007 Girona (Girona). Correu electr\u00f2nic: legal@espainformatic.com<\/p>\n<\/div>\n","protected":false},"excerpt":{"rendered":"<p>Informaci\u00f3 d&#8217;usuari Qui \u00e9s el responsable del tractament de les seves dades personals? ESPAI INFORMATIC MULTISECTORIAL SL \u00e9s el RESPONSABLE DEL TRACTAMENT dels dades personals de l&#8217;USUARI i informa l&#8217;USUARI que aquestes dades es tractaran d&#8217;acord amb les disposicions del Reglament (UE) 2016\/679 de 27 d&#8217;abril (RGPD), i la Llei Org\u00e0nica 3\/2018, de 5 de [&hellip;]<\/p>\n","protected":false},"author":1,"featured_media":0,"parent":0,"menu_order":300,"comment_status":"closed","ping_status":"closed","template":"","meta":{"footnotes":""},"class_list":["post-731","page","type-page","status-publish","hentry"],"yoast_head":"<!-- This site is optimized with the Yoast SEO plugin v28.3 - https:\/\/yoast.com\/product\/yoast-seo-wordpress\/ -->\n<title>Pol\u00edtica de privacitat | Hipoteca Nova<\/title>\n<meta name=\"robots\" content=\"noindex, nofollow\" \/>\n<meta property=\"og:locale\" content=\"ca_ES\" \/>\n<meta property=\"og:type\" content=\"article\" \/>\n<meta property=\"og:title\" content=\"Pol\u00edtica de privacitat | Hipoteca Nova\" \/>\n<meta property=\"og:description\" content=\"Informaci\u00f3 d&#8217;usuari Qui \u00e9s el responsable del tractament de les seves dades personals? ESPAI INFORMATIC MULTISECTORIAL SL \u00e9s el RESPONSABLE DEL TRACTAMENT dels dades personals de l&#8217;USUARI i informa l&#8217;USUARI que aquestes dades es tractaran d&#8217;acord amb les disposicions del Reglament (UE) 2016\/679 de 27 d&#8217;abril (RGPD), i la Llei Org\u00e0nica 3\/2018, de 5 de [&hellip;]\" \/>\n<meta property=\"og:url\" content=\"https:\/\/hipotecanova.es\/ca\/politica-privacitat\/\" \/>\n<meta property=\"og:site_name\" content=\"Hipoteca Nova\" \/>\n<meta property=\"article:modified_time\" content=\"2026-08-03T13:17:11+00:00\" \/>\n<meta name=\"twitter:card\" content=\"summary_large_image\" \/>\n<meta name=\"twitter:label1\" content=\"Temps estimat de lectura\" \/>\n\t<meta name=\"twitter:data1\" content=\"4 minuts\" \/>\n<script type=\"application\/ld+json\" class=\"yoast-schema-graph\">{\"@context\":\"https:\\\/\\\/schema.org\",\"@graph\":[{\"@type\":\"WebPage\",\"@id\":\"https:\\\/\\\/hipotecanova.es\\\/ca\\\/politica-privacitat\\\/\",\"url\":\"https:\\\/\\\/hipotecanova.es\\\/ca\\\/politica-privacitat\\\/\",\"name\":\"Pol\u00edtica de privacitat | Hipoteca Nova\",\"isPartOf\":{\"@id\":\"https:\\\/\\\/hipotecanova.es\\\/ca\\\/#website\"},\"datePublished\":\"2026-04-21T16:46:20+00:00\",\"dateModified\":\"2026-08-03T13:17:11+00:00\",\"breadcrumb\":{\"@id\":\"https:\\\/\\\/hipotecanova.es\\\/ca\\\/politica-privacitat\\\/#breadcrumb\"},\"inLanguage\":\"ca\",\"potentialAction\":[{\"@type\":\"ReadAction\",\"target\":[\"https:\\\/\\\/hipotecanova.es\\\/ca\\\/politica-privacitat\\\/\"]}]},{\"@type\":\"BreadcrumbList\",\"@id\":\"https:\\\/\\\/hipotecanova.es\\\/ca\\\/politica-privacitat\\\/#breadcrumb\",\"itemListElement\":[{\"@type\":\"ListItem\",\"position\":1,\"name\":\"Portada\",\"item\":\"https:\\\/\\\/hipotecanova.es\\\/ca\\\/\"},{\"@type\":\"ListItem\",\"position\":2,\"name\":\"Pol\u00edtica de privacitat\"}]},{\"@type\":\"WebSite\",\"@id\":\"https:\\\/\\\/hipotecanova.es\\\/ca\\\/#website\",\"url\":\"https:\\\/\\\/hipotecanova.es\\\/ca\\\/\",\"name\":\"Hipoteca Nova\",\"description\":\"Te ayudamos a financiar tu vivienda\",\"publisher\":{\"@id\":\"https:\\\/\\\/hipotecanova.es\\\/ca\\\/#organization\"},\"potentialAction\":[{\"@type\":\"SearchAction\",\"target\":{\"@type\":\"EntryPoint\",\"urlTemplate\":\"https:\\\/\\\/hipotecanova.es\\\/ca\\\/?s={search_term_string}\"},\"query-input\":{\"@type\":\"PropertyValueSpecification\",\"valueRequired\":true,\"valueName\":\"search_term_string\"}}],\"inLanguage\":\"ca\"},{\"@type\":\"Organization\",\"@id\":\"https:\\\/\\\/hipotecanova.es\\\/ca\\\/#organization\",\"name\":\"Hipoteca Nova\",\"url\":\"https:\\\/\\\/hipotecanova.es\\\/ca\\\/\",\"logo\":{\"@type\":\"ImageObject\",\"inLanguage\":\"ca\",\"@id\":\"https:\\\/\\\/hipotecanova.es\\\/ca\\\/#\\\/schema\\\/logo\\\/image\\\/\",\"url\":\"https:\\\/\\\/hipotecanova.es\\\/wp-content\\\/uploads\\\/2026\\\/05\\\/logo_hipoteca_nova.webp\",\"contentUrl\":\"https:\\\/\\\/hipotecanova.es\\\/wp-content\\\/uploads\\\/2026\\\/05\\\/logo_hipoteca_nova.webp\",\"width\":1024,\"height\":1024,\"caption\":\"Hipoteca Nova\"},\"image\":{\"@id\":\"https:\\\/\\\/hipotecanova.es\\\/ca\\\/#\\\/schema\\\/logo\\\/image\\\/\"}}]}<\/script>\n<!-- \/ Yoast SEO plugin. -->","yoast_head_json":{"title":"Pol\u00edtica de privacitat | Hipoteca Nova","robots":{"index":"noindex","follow":"nofollow"},"og_locale":"ca_ES","og_type":"article","og_title":"Pol\u00edtica de privacitat | Hipoteca Nova","og_description":"Informaci\u00f3 d&#8217;usuari Qui \u00e9s el responsable del tractament de les seves dades personals? ESPAI INFORMATIC MULTISECTORIAL SL \u00e9s el RESPONSABLE DEL TRACTAMENT dels dades personals de l&#8217;USUARI i informa l&#8217;USUARI que aquestes dades es tractaran d&#8217;acord amb les disposicions del Reglament (UE) 2016\/679 de 27 d&#8217;abril (RGPD), i la Llei Org\u00e0nica 3\/2018, de 5 de [&hellip;]","og_url":"https:\/\/hipotecanova.es\/ca\/politica-privacitat\/","og_site_name":"Hipoteca Nova","article_modified_time":"2026-08-03T13:17:11+00:00","twitter_card":"summary_large_image","twitter_misc":{"Temps estimat de lectura":"4 minuts"},"schema":{"@context":"https:\/\/schema.org","@graph":[{"@type":"WebPage","@id":"https:\/\/hipotecanova.es\/ca\/politica-privacitat\/","url":"https:\/\/hipotecanova.es\/ca\/politica-privacitat\/","name":"Pol\u00edtica de privacitat | Hipoteca Nova","isPartOf":{"@id":"https:\/\/hipotecanova.es\/ca\/#website"},"datePublished":"2026-04-21T16:46:20+00:00","dateModified":"2026-08-03T13:17:11+00:00","breadcrumb":{"@id":"https:\/\/hipotecanova.es\/ca\/politica-privacitat\/#breadcrumb"},"inLanguage":"ca","potentialAction":[{"@type":"ReadAction","target":["https:\/\/hipotecanova.es\/ca\/politica-privacitat\/"]}]},{"@type":"BreadcrumbList","@id":"https:\/\/hipotecanova.es\/ca\/politica-privacitat\/#breadcrumb","itemListElement":[{"@type":"ListItem","position":1,"name":"Portada","item":"https:\/\/hipotecanova.es\/ca\/"},{"@type":"ListItem","position":2,"name":"Pol\u00edtica de privacitat"}]},{"@type":"WebSite","@id":"https:\/\/hipotecanova.es\/ca\/#website","url":"https:\/\/hipotecanova.es\/ca\/","name":"Hipoteca Nova","description":"Te ayudamos a financiar tu vivienda","publisher":{"@id":"https:\/\/hipotecanova.es\/ca\/#organization"},"potentialAction":[{"@type":"SearchAction","target":{"@type":"EntryPoint","urlTemplate":"https:\/\/hipotecanova.es\/ca\/?s={search_term_string}"},"query-input":{"@type":"PropertyValueSpecification","valueRequired":true,"valueName":"search_term_string"}}],"inLanguage":"ca"},{"@type":"Organization","@id":"https:\/\/hipotecanova.es\/ca\/#organization","name":"Hipoteca Nova","url":"https:\/\/hipotecanova.es\/ca\/","logo":{"@type":"ImageObject","inLanguage":"ca","@id":"https:\/\/hipotecanova.es\/ca\/#\/schema\/logo\/image\/","url":"https:\/\/hipotecanova.es\/wp-content\/uploads\/2026\/05\/logo_hipoteca_nova.webp","contentUrl":"https:\/\/hipotecanova.es\/wp-content\/uploads\/2026\/05\/logo_hipoteca_nova.webp","width":1024,"height":1024,"caption":"Hipoteca Nova"},"image":{"@id":"https:\/\/hipotecanova.es\/ca\/#\/schema\/logo\/image\/"}}]}},"_links":{"self":[{"href":"https:\/\/hipotecanova.es\/ca\/wp-json\/wp\/v2\/pages\/731","targetHints":{"allow":["GET"]}}],"collection":[{"href":"https:\/\/hipotecanova.es\/ca\/wp-json\/wp\/v2\/pages"}],"about":[{"href":"https:\/\/hipotecanova.es\/ca\/wp-json\/wp\/v2\/types\/page"}],"author":[{"embeddable":true,"href":"https:\/\/hipotecanova.es\/ca\/wp-json\/wp\/v2\/users\/1"}],"replies":[{"embeddable":true,"href":"https:\/\/hipotecanova.es\/ca\/wp-json\/wp\/v2\/comments?post=731"}],"version-history":[{"count":3,"href":"https:\/\/hipotecanova.es\/ca\/wp-json\/wp\/v2\/pages\/731\/revisions"}],"predecessor-version":[{"id":1313,"href":"https:\/\/hipotecanova.es\/ca\/wp-json\/wp\/v2\/pages\/731\/revisions\/1313"}],"wp:attachment":[{"href":"https:\/\/hipotecanova.es\/ca\/wp-json\/wp\/v2\/media?parent=731"}],"curies":[{"name":"wp","href":"https:\/\/api.w.org\/{rel}","templated":true}]}}